{"id":861,"date":"2017-11-30T10:46:39","date_gmt":"2017-11-30T09:46:39","guid":{"rendered":"https:\/\/dezavelle.com\/cabinet-dpo\/?post_type=tribe_events&#038;p=861"},"modified":"2017-11-30T10:55:45","modified_gmt":"2017-11-30T09:55:45","slug":"signature-de-convention-de-cil-mutualise-fesp-sesp","status":"publish","type":"tribe_events","link":"https:\/\/dezavelle.com\/cabinet-dpo\/event\/signature-de-convention-de-cil-mutualise-fesp-sesp\/","title":{"rendered":"Signature de la convention de CIL Mutualis\u00e9 avec la FESP et le SESP"},"content":{"rendered":"<p>La signature du partenariat entre la FESP et le DPO-Avocats le 16 novembre 2016, \u00e0 l\u2019occasion de la 10\u00e8me \u00e9dition du Salon des SAP \u00e0 Paris, permet aux adh\u00e9rent.e.s de la F\u00e9d\u00e9ration et de ses syndicats et groupements d\u2019employeurs membres de b\u00e9n\u00e9ficier d\u00e8s maintenant\u00a0du dispositif de Correspondant informatique et Libert\u00e9s (CIL) mutualis\u00e9.<\/p>\n<p>Pour t\u00e9l\u00e9charger le communiqu\u00e9 de presse :\u00a0<a href=\"https:\/\/dezavelle.com\/cabinet-dpo\/wp-content\/uploads\/2016\/12\/CP-Fesp-DPO-CIL-mutualis\u00e9.pdf\">CP Fesp &#8211; DPO &#8211; CIL mutualis\u00e9<\/a><\/p>\n<p>&nbsp;<\/p>\n<p>&nbsp;<\/p>\n<p>&nbsp;<\/p>\n<h2><em>Protection des donn\u00e9es personnelles<\/em><\/h2>\n<p><strong>La Fesp propose une solution mutualis\u00e9e \u00e0 ses adh\u00e9rents<\/strong><\/p>\n<p>&nbsp;<\/p>\n<ul>\n<li><em>Les adh\u00e9rents de la F\u00e9d\u00e9ration du service aux particuliers (Fesp) et de ses syndicats et groupements d\u2019employeurs membres peuvent d\u00e8s le\u00a018 novembre 2016, b\u00e9n\u00e9ficier du premier dispositif de Correspondant informatique et Libert\u00e9s (CIL) mutualis\u00e9 \u00e0 destination des structures (entreprises, associations) de SAP.<\/em><\/li>\n<li><em>La Fesp est ainsi la premi\u00e8re f\u00e9d\u00e9ration professionnelle d\u2019entreprises en France \u00e0 proposer un service de protection des donn\u00e9es personnelles mutualis\u00e9<\/em><em>.<\/em><\/li>\n<\/ul>\n","protected":false},"excerpt":{"rendered":"<p>La signature du partenariat entre la FESP et le DPO-Avocats le 16 novembre 2016, \u00e0 l\u2019occasion de la 10\u00e8me \u00e9dition du Salon des SAP \u00e0 Paris, permet aux adh\u00e9rent.e.s de la F\u00e9d\u00e9ration et de ses syndicats et groupements d\u2019employeurs membres de b\u00e9n\u00e9ficier d\u00e8s maintenant\u00a0du dispositif de Correspondant informatique et Libert\u00e9s (CIL) mutualis\u00e9. Pour t\u00e9l\u00e9charger le [&hellip;]<\/p>\n","protected":false},"author":1,"featured_media":0,"comment_status":"closed","ping_status":"closed","template":"","meta":{"footnotes":""},"tags":[],"tribe_events_cat":[],"yoast_head":"<!-- This site is optimized with the Yoast SEO plugin v20.4 - https:\/\/yoast.com\/wordpress\/plugins\/seo\/ -->\n<title>Signature de la convention de CIL Mutualis\u00e9 avec la FESP et le SESP - Dezavelle<\/title>\n<meta name=\"robots\" content=\"index, follow, max-snippet:-1, max-image-preview:large, max-video-preview:-1\" \/>\n<link rel=\"canonical\" href=\"https:\/\/dezavelle.com\/cabinet-dpo\/event\/signature-de-convention-de-cil-mutualise-fesp-sesp\/\" \/>\n<meta property=\"og:locale\" content=\"fr_FR\" \/>\n<meta property=\"og:type\" content=\"article\" \/>\n<meta property=\"og:title\" content=\"Signature de la convention de CIL Mutualis\u00e9 avec la FESP et le SESP - Dezavelle\" \/>\n<meta property=\"og:description\" content=\"La signature du partenariat entre la FESP et le DPO-Avocats le 16 novembre 2016, \u00e0 l\u2019occasion de la 10\u00e8me \u00e9dition du Salon des SAP \u00e0 Paris, permet aux adh\u00e9rent.e.s de la F\u00e9d\u00e9ration et de ses syndicats et groupements d\u2019employeurs membres de b\u00e9n\u00e9ficier d\u00e8s maintenant\u00a0du dispositif de Correspondant informatique et Libert\u00e9s (CIL) mutualis\u00e9. Pour t\u00e9l\u00e9charger le [&hellip;]\" \/>\n<meta property=\"og:url\" content=\"https:\/\/dezavelle.com\/cabinet-dpo\/event\/signature-de-convention-de-cil-mutualise-fesp-sesp\/\" \/>\n<meta property=\"og:site_name\" content=\"Dezavelle\" \/>\n<meta property=\"article:modified_time\" content=\"2017-11-30T09:55:45+00:00\" \/>\n<meta name=\"twitter:card\" content=\"summary_large_image\" \/>\n<meta name=\"twitter:label1\" content=\"Dur\u00e9e de lecture estim\u00e9e\" \/>\n\t<meta name=\"twitter:data1\" content=\"1 minute\" \/>\n<script type=\"application\/ld+json\" class=\"yoast-schema-graph\">{\"@context\":\"https:\/\/schema.org\",\"@graph\":[{\"@type\":\"WebPage\",\"@id\":\"https:\/\/dezavelle.com\/cabinet-dpo\/event\/signature-de-convention-de-cil-mutualise-fesp-sesp\/\",\"url\":\"https:\/\/dezavelle.com\/cabinet-dpo\/event\/signature-de-convention-de-cil-mutualise-fesp-sesp\/\",\"name\":\"Signature de la convention de CIL Mutualis\u00e9 avec la FESP et le SESP - Dezavelle\",\"isPartOf\":{\"@id\":\"https:\/\/dezavelle.com\/cabinet-dpo\/#website\"},\"datePublished\":\"2017-11-30T09:46:39+00:00\",\"dateModified\":\"2017-11-30T09:55:45+00:00\",\"breadcrumb\":{\"@id\":\"https:\/\/dezavelle.com\/cabinet-dpo\/event\/signature-de-convention-de-cil-mutualise-fesp-sesp\/#breadcrumb\"},\"inLanguage\":\"fr-FR\",\"potentialAction\":[{\"@type\":\"ReadAction\",\"target\":[\"https:\/\/dezavelle.com\/cabinet-dpo\/event\/signature-de-convention-de-cil-mutualise-fesp-sesp\/\"]}]},{\"@type\":\"BreadcrumbList\",\"@id\":\"https:\/\/dezavelle.com\/cabinet-dpo\/event\/signature-de-convention-de-cil-mutualise-fesp-sesp\/#breadcrumb\",\"itemListElement\":[{\"@type\":\"ListItem\",\"position\":1,\"name\":\"Accueil\",\"item\":\"https:\/\/dezavelle.com\/cabinet-dpo\/\"},{\"@type\":\"ListItem\",\"position\":2,\"name\":\"\u00c9v\u00e8nements\",\"item\":\"https:\/\/dezavelle.com\/cabinet-dpo\/events\/\"},{\"@type\":\"ListItem\",\"position\":3,\"name\":\"Signature de la convention de CIL Mutualis\u00e9 avec la FESP et le SESP\"}]},{\"@type\":\"WebSite\",\"@id\":\"https:\/\/dezavelle.com\/cabinet-dpo\/#website\",\"url\":\"https:\/\/dezavelle.com\/cabinet-dpo\/\",\"name\":\"Dezavelle\",\"description\":\"\",\"potentialAction\":[{\"@type\":\"SearchAction\",\"target\":{\"@type\":\"EntryPoint\",\"urlTemplate\":\"https:\/\/dezavelle.com\/cabinet-dpo\/?s={search_term_string}\"},\"query-input\":\"required name=search_term_string\"}],\"inLanguage\":\"fr-FR\"}]}<\/script>\n<!-- \/ Yoast SEO plugin. -->","yoast_head_json":{"title":"Signature de la convention de CIL Mutualis\u00e9 avec la FESP et le SESP - Dezavelle","robots":{"index":"index","follow":"follow","max-snippet":"max-snippet:-1","max-image-preview":"max-image-preview:large","max-video-preview":"max-video-preview:-1"},"canonical":"https:\/\/dezavelle.com\/cabinet-dpo\/event\/signature-de-convention-de-cil-mutualise-fesp-sesp\/","og_locale":"fr_FR","og_type":"article","og_title":"Signature de la convention de CIL Mutualis\u00e9 avec la FESP et le SESP - Dezavelle","og_description":"La signature du partenariat entre la FESP et le DPO-Avocats le 16 novembre 2016, \u00e0 l\u2019occasion de la 10\u00e8me \u00e9dition du Salon des SAP \u00e0 Paris, permet aux adh\u00e9rent.e.s de la F\u00e9d\u00e9ration et de ses syndicats et groupements d\u2019employeurs membres de b\u00e9n\u00e9ficier d\u00e8s maintenant\u00a0du dispositif de Correspondant informatique et Libert\u00e9s (CIL) mutualis\u00e9. Pour t\u00e9l\u00e9charger le [&hellip;]","og_url":"https:\/\/dezavelle.com\/cabinet-dpo\/event\/signature-de-convention-de-cil-mutualise-fesp-sesp\/","og_site_name":"Dezavelle","article_modified_time":"2017-11-30T09:55:45+00:00","twitter_card":"summary_large_image","twitter_misc":{"Dur\u00e9e de lecture estim\u00e9e":"1 minute"},"schema":{"@context":"https:\/\/schema.org","@graph":[{"@type":"WebPage","@id":"https:\/\/dezavelle.com\/cabinet-dpo\/event\/signature-de-convention-de-cil-mutualise-fesp-sesp\/","url":"https:\/\/dezavelle.com\/cabinet-dpo\/event\/signature-de-convention-de-cil-mutualise-fesp-sesp\/","name":"Signature de la convention de CIL Mutualis\u00e9 avec la FESP et le SESP - Dezavelle","isPartOf":{"@id":"https:\/\/dezavelle.com\/cabinet-dpo\/#website"},"datePublished":"2017-11-30T09:46:39+00:00","dateModified":"2017-11-30T09:55:45+00:00","breadcrumb":{"@id":"https:\/\/dezavelle.com\/cabinet-dpo\/event\/signature-de-convention-de-cil-mutualise-fesp-sesp\/#breadcrumb"},"inLanguage":"fr-FR","potentialAction":[{"@type":"ReadAction","target":["https:\/\/dezavelle.com\/cabinet-dpo\/event\/signature-de-convention-de-cil-mutualise-fesp-sesp\/"]}]},{"@type":"BreadcrumbList","@id":"https:\/\/dezavelle.com\/cabinet-dpo\/event\/signature-de-convention-de-cil-mutualise-fesp-sesp\/#breadcrumb","itemListElement":[{"@type":"ListItem","position":1,"name":"Accueil","item":"https:\/\/dezavelle.com\/cabinet-dpo\/"},{"@type":"ListItem","position":2,"name":"\u00c9v\u00e8nements","item":"https:\/\/dezavelle.com\/cabinet-dpo\/events\/"},{"@type":"ListItem","position":3,"name":"Signature de la convention de CIL Mutualis\u00e9 avec la FESP et le SESP"}]},{"@type":"WebSite","@id":"https:\/\/dezavelle.com\/cabinet-dpo\/#website","url":"https:\/\/dezavelle.com\/cabinet-dpo\/","name":"Dezavelle","description":"","potentialAction":[{"@type":"SearchAction","target":{"@type":"EntryPoint","urlTemplate":"https:\/\/dezavelle.com\/cabinet-dpo\/?s={search_term_string}"},"query-input":"required name=search_term_string"}],"inLanguage":"fr-FR"}]}},"_links":{"self":[{"href":"https:\/\/dezavelle.com\/cabinet-dpo\/wp-json\/wp\/v2\/tribe_events\/861"}],"collection":[{"href":"https:\/\/dezavelle.com\/cabinet-dpo\/wp-json\/wp\/v2\/tribe_events"}],"about":[{"href":"https:\/\/dezavelle.com\/cabinet-dpo\/wp-json\/wp\/v2\/types\/tribe_events"}],"author":[{"embeddable":true,"href":"https:\/\/dezavelle.com\/cabinet-dpo\/wp-json\/wp\/v2\/users\/1"}],"replies":[{"embeddable":true,"href":"https:\/\/dezavelle.com\/cabinet-dpo\/wp-json\/wp\/v2\/comments?post=861"}],"version-history":[{"count":1,"href":"https:\/\/dezavelle.com\/cabinet-dpo\/wp-json\/wp\/v2\/tribe_events\/861\/revisions"}],"predecessor-version":[{"id":862,"href":"https:\/\/dezavelle.com\/cabinet-dpo\/wp-json\/wp\/v2\/tribe_events\/861\/revisions\/862"}],"wp:attachment":[{"href":"https:\/\/dezavelle.com\/cabinet-dpo\/wp-json\/wp\/v2\/media?parent=861"}],"wp:term":[{"taxonomy":"post_tag","embeddable":true,"href":"https:\/\/dezavelle.com\/cabinet-dpo\/wp-json\/wp\/v2\/tags?post=861"},{"taxonomy":"tribe_events_cat","embeddable":true,"href":"https:\/\/dezavelle.com\/cabinet-dpo\/wp-json\/wp\/v2\/tribe_events_cat?post=861"}],"curies":[{"name":"wp","href":"https:\/\/api.w.org\/{rel}","templated":true}]}}