{"id":104,"date":"2016-12-14T08:25:44","date_gmt":"2016-12-14T07:25:44","guid":{"rendered":"http:\/\/dezavelle.com\/cabinet-dpo\/?page_id=104"},"modified":"2018-08-31T16:35:40","modified_gmt":"2018-08-31T14:35:40","slug":"cadre-legal-de-mission-dpo-2","status":"publish","type":"page","link":"https:\/\/dezavelle.com\/cabinet-dpo\/cadre-legal-de-mission-dpo-2\/","title":{"rendered":"Cadre l\u00e9gal de la mission du DPO"},"content":{"rendered":"<p><img loading=\"lazy\" decoding=\"async\" class=\"wp-image-560 aligncenter\" src=\"https:\/\/dezavelle.com\/cabinet-dpo\/wp-content\/uploads\/2016\/12\/ACESI-bandeau-GDPR-protection-donn\u00e9es-1-300x58.png\" alt=\"\" width=\"822\" height=\"159\" srcset=\"https:\/\/dezavelle.com\/cabinet-dpo\/wp-content\/uploads\/2016\/12\/ACESI-bandeau-GDPR-protection-donn\u00e9es-1-300x58.png 300w, https:\/\/dezavelle.com\/cabinet-dpo\/wp-content\/uploads\/2016\/12\/ACESI-bandeau-GDPR-protection-donn\u00e9es-1-768x150.png 768w, https:\/\/dezavelle.com\/cabinet-dpo\/wp-content\/uploads\/2016\/12\/ACESI-bandeau-GDPR-protection-donn\u00e9es-1.png 770w\" sizes=\"(max-width: 822px) 100vw, 822px\" \/><\/p>\n<hr \/>\n<p>&nbsp;<\/p>\n<p>La d\u00e9signation officielle d\u2019un DPO au sein de votre entreprise permettra d\u2019\u00e9viter toutes les d\u00e9clarations \u00e0 la CNIL, dites normales ou simplifi\u00e9es, pr\u00e9vues aux articles 23 et 24 de la loi n\u00b0 78-17 dite Loi Informatique et Libert\u00e9s du 6 janvier 1978 modifi\u00e9e.<\/p>\n<p>Le DPO d\u00e9sign\u00e9 effectuera les missions suivantes :<\/p>\n<h3><strong><span style=\"color: #808080;\">Tenue du registre des traitements<\/span><\/strong><\/h3>\n<p>Le DPO est ainsi charg\u00e9 d\u2019assurer, d\u2019une mani\u00e8re ind\u00e9pendante, le respect des obligations pr\u00e9vues dans la loi.<\/p>\n<p style=\"padding-left: 30px;\"><strong>Cr\u00e9ation du registre<\/strong><br \/>\nDans les trois mois de sa d\u00e9signation, le correspondant dresse la liste des traitements automatis\u00e9s pour lesquels il a \u00e9t\u00e9 d\u00e9sign\u00e9. Ce document est \u00e9galement appel\u00e9 registre des traitements.<br \/>\nApr\u00e8s avoir dress\u00e9 la liste pr\u00e9liminaire des traitements automatis\u00e9s de donn\u00e9es nominatives, il rend un avis apr\u00e8s consultation pr\u00e9alable, \u00e0 la mise en \u0153uvre des traitements. Il fait \u00e0 cette fin, toute recommandation au responsable de traitement.<br \/>\n<strong>D\u00e9clarations et actualisations du registre<\/strong><br \/>\nLe DPO a la responsabilit\u00e9 de tenir \u00e0 jour la liste des traitements internes de l&rsquo;organisme, r\u00e9pertoriant tous les traitements mis en oeuvre par celui-ci, qu\u2019il autorise ainsi sous sa propre responsabilit\u00e9, \u00e0 condition que ceux-ci satisfassent aux obligations de la loi, des textes et d\u00e9crets, autorisations, dispenses, arr\u00eat\u00e9s et d\u00e9lib\u00e9rations de la CNIL.<br \/>\nLa d\u00e9signation d\u2019un DPO par l&rsquo;organisme emporte dispense de l\u2019accomplissement, aupr\u00e8s de la CNIL, des formalit\u00e9s relatives aux traitements relevant du r\u00e9gime de simple d\u00e9claration. Ces traitements sont port\u00e9s par le CIL au registre de l\u2019\u00e9tablissement (articles 22 \u00e0 24 de la loi du 6 janvier 1978 dans le cadre du r\u00e9gime de la d\u00e9claration).<br \/>\n<strong>Acc\u00e8s libre au registre par les tiers<\/strong><br \/>\nTout comme ce \u00ab fichier des fichiers \u00bb (ou Liste 31) de la CNIL, le registre du DPO r\u00e9pond \u00e0 un objectif de transparence.<br \/>\nAinsi toute personne sans avoir \u00e0 en justifier peut faire une demande \u00e0 la CNIL des traitements qui ont \u00e9t\u00e9 d\u00e9clar\u00e9s par tout organisme, mais \u00e9galement aupr\u00e8s du DPO de l\u2019organisme, de son registre (Article 31 de la Loi 78-17 du 6 janvier 1978 modifi\u00e9e).<\/p>\n<blockquote>\n<p style=\"padding-left: 60px;\"><span style=\"font-size: 14pt; color: #000080;\">Ca change en 2018 :\u00a0<\/span><\/p>\n<\/blockquote>\n<p style=\"padding-left: 30px;\"><strong>Accessibilit\u00e9 au registre du DPO mutualis\u00e9<\/strong><br \/>\nLe correspondant mutualis\u00e9 se trouve dans la plupart des cas, g\u00e9ographiquement \u00e9loign\u00e9 de l\u2019organisme qui l\u2019a d\u00e9sign\u00e9. Il est ainsi dispens\u00e9 d\u2019avoir \u00e0 envoyer un exemplaire de son registre \u00e0 l\u2019organisme. Il organisera en contrepartie un acc\u00e8s distant sur l\u2019intranet de l\u2019entit\u00e9 ou un site internet s\u00e9curis\u00e9.<\/p>\n<h3><strong><span style=\"color: #808080;\">Garant de l\u2019application de la Loi\u2028<\/span><\/strong><\/h3>\n<p style=\"padding-left: 30px;\"><strong>Respect de la Loi<\/strong><br \/>\nIl veille en toute ind\u00e9pendance au respect de la Loi Informatique et Libert\u00e9s (Loi LIL). Le\u00a0DPO se doit de veiller \u00e0 la bonne application de la loi et plus sp\u00e9cifiquement la Loi Informatique et Libert\u00e9s. Il assure, d\u2019une mani\u00e8re ind\u00e9pendante et sans aucun lien de hi\u00e9rarchie, le respect des obligations pr\u00e9vues par la LIL.<br \/>\n<strong>Responsable de la conformit\u00e9 juridique<\/strong><br \/>\nResponsable de conformit\u00e9 juridique au sein de l\u2019organisme qui l\u2019a d\u00e9sign\u00e9, le DPO est obligatoirement consult\u00e9 pr\u00e9alablement \u00e0 la mise en \u0153uvre de tout traitement de donn\u00e9es personnelles et doit veiller \u00e0 ce que ce traitement soit strictement conforme aux dispositions de la Loi Informatique et Libert\u00e9s.<br \/>\n<strong>Charte informatique<\/strong><br \/>\nIl est charg\u00e9 de veiller \u00e0 l\u2019application et \u00e0 l\u2019actualisation des dispositions de la charte informatique si elle existe, destin\u00e9e \u00e0 l\u2019ensemble des salari\u00e9s, qui d\u00e9finit les bonnes pratiques li\u00e9es \u00e0 l\u2019usage des technologies de l\u2019information et de la communication et pr\u00e9sente la liste des informations nominatives enregistr\u00e9es lors de leur utilisation.<br \/>\n<strong>Culture informatique et libert\u00e9s<\/strong><br \/>\nLe correspondant sensibilise le responsable de traitement et les personnes en charge de leur mise en \u0153uvre au contenu de la loi et aux enjeux de la mise en conformit\u00e9. Il peut \u00e9laborer des supports d\u2019information, des documents internes de r\u00e9f\u00e9rence, organiser des missions d\u2019audit, notamment en mati\u00e8re de protection des donn\u00e9es et de s\u00e9curit\u00e9 informatique et technique des syst\u00e8mes d\u2019informations de l\u2019organisme.<br \/>\nCette diffusion de la \u00ab culture Informatique et Libert\u00e9s \u00bb dans l\u2019organisme s\u2019effectue aupr\u00e8s des salari\u00e9s, des dirigeants, voire des intervenants et des b\u00e9n\u00e9ficiaires.<br \/>\n<strong>Conseils ou recommandations<\/strong><br \/>\nIl donne tous conseils ou recommandations utiles au responsable de traitement.<br \/>\nLe correspondant r\u00e9pond aux demandes de renseignements et d\u2019avis dont il est saisi. Il est obligatoirement consult\u00e9 avant la mise en \u0153uvre d\u2019un nouveau traitement ou la modification substantielle d\u2019un traitement en cours et doit faire si besoin toute recommandation au responsable de traitement.<br \/>\n<strong>Acteur de m\u00e9diation et de coordination aupr\u00e8s des tiers<\/strong><br \/>\nLe correspondant re\u00e7oit les r\u00e9clamations et requ\u00eates des personnes concern\u00e9es par les traitements pour lesquels il a \u00e9t\u00e9 d\u00e9sign\u00e9, s\u2019assure de leur transmission aux services int\u00e9ress\u00e9s et leur apporte son conseil.<br \/>\nIl veille \u00e9galement au respect du droit d\u2019acc\u00e8s et d\u2019opposition et \u00e0 l\u2019information des personnes sur leurs droits. Il est le contact privil\u00e9gi\u00e9 du responsable de traitement et de la CNIL, mais aussi des personnes dont les donn\u00e9es sont trait\u00e9es.<\/p>\n<h3><span style=\"color: #808080;\"><strong>II assure le respect des droits d\u2019acc\u00e8s des personnes<\/strong><\/span><\/h3>\n<p>art. 39 de la loi Informatique et Libert\u00e9s<\/p>\n<p style=\"padding-left: 30px;\">a) Toute personne peut obtenir communication des informations la concernant d\u00e9tenues par un responsable de traitement. L\u2019exercice de ce droit n\u2019a pas \u00e0 \u00eatre motiv\u00e9.<br \/>\nb) Le CIL doit se charger de pr\u00e9parer le responsable de traitement \u00e0 la r\u00e9ception et au suivi des r\u00e9clamations et requ\u00eates des personnes concern\u00e9es par ces traitements et de les transmettre aux services int\u00e9ress\u00e9s en s\u2019assurant que les r\u00e9ponses sont donn\u00e9es dans les formes et d\u00e9lais pr\u00e9vus par la loi.<br \/>\nc) Il assiste le responsable de traitement et lui transmet ses conseils dans la r\u00e9ponse apport\u00e9e au requ\u00e9rant. Il doit veiller au respect du droit d\u2019acc\u00e8s et d\u2019opposition et \u00e0 l\u2019information des personnes sur leurs droits, aussi bien \u00e0 l\u2019int\u00e9rieur qu\u2019\u00e0 l\u2019ext\u00e9rieur de l\u2019organisme.<br \/>\nd) Relativement aux donn\u00e9es \u00e0 caract\u00e8re personnel d&rsquo;un individu, il s&rsquo;assure le respect du droit d\u2019acc\u00e8s, d\u2019opposition, de rectification, de suppression des donn\u00e9es, ainsi que de l\u2019information des personnes concern\u00e9es sur leurs droits.<\/p>\n<h3><strong><span style=\"color: #808080;\">Il a un devoir d\u2019alerte du responsable de traitement<\/span><\/strong><\/h3>\n<p>Il doit informer le responsable de traitement de tout manquement ou infraction constat\u00e9s et le conseiller dans la r\u00e9ponse \u00e0 apporter pour y rem\u00e9dier.<\/p>\n","protected":false},"excerpt":{"rendered":"<p>&nbsp; La d\u00e9signation officielle d\u2019un DPO au sein de votre entreprise permettra d\u2019\u00e9viter toutes les d\u00e9clarations \u00e0 la CNIL, dites normales ou simplifi\u00e9es, pr\u00e9vues aux articles 23 et 24 de la loi n\u00b0 78-17 dite Loi Informatique et Libert\u00e9s du 6 janvier 1978 modifi\u00e9e. Le DPO d\u00e9sign\u00e9 effectuera les missions suivantes : Tenue du registre [&hellip;]<\/p>\n","protected":false},"author":1,"featured_media":0,"parent":0,"menu_order":0,"comment_status":"closed","ping_status":"closed","template":"","meta":{"footnotes":""},"yoast_head":"<!-- This site is optimized with the Yoast SEO plugin v20.4 - https:\/\/yoast.com\/wordpress\/plugins\/seo\/ -->\n<title>Cadre l\u00e9gal de la mission du DPO - Dezavelle<\/title>\n<meta name=\"robots\" content=\"index, follow, max-snippet:-1, max-image-preview:large, max-video-preview:-1\" \/>\n<link rel=\"canonical\" href=\"https:\/\/dezavelle.com\/cabinet-dpo\/cadre-legal-de-mission-dpo-2\/\" \/>\n<meta property=\"og:locale\" content=\"fr_FR\" \/>\n<meta property=\"og:type\" content=\"article\" \/>\n<meta property=\"og:title\" content=\"Cadre l\u00e9gal de la mission du DPO - Dezavelle\" \/>\n<meta property=\"og:description\" content=\"&nbsp; La d\u00e9signation officielle d\u2019un DPO au sein de votre entreprise permettra d\u2019\u00e9viter toutes les d\u00e9clarations \u00e0 la CNIL, dites normales ou simplifi\u00e9es, pr\u00e9vues aux articles 23 et 24 de la loi n\u00b0 78-17 dite Loi Informatique et Libert\u00e9s du 6 janvier 1978 modifi\u00e9e. Le DPO d\u00e9sign\u00e9 effectuera les missions suivantes : Tenue du registre [&hellip;]\" \/>\n<meta property=\"og:url\" content=\"https:\/\/dezavelle.com\/cabinet-dpo\/cadre-legal-de-mission-dpo-2\/\" \/>\n<meta property=\"og:site_name\" content=\"Dezavelle\" \/>\n<meta property=\"article:modified_time\" content=\"2018-08-31T14:35:40+00:00\" \/>\n<meta property=\"og:image\" content=\"https:\/\/dezavelle.com\/cabinet-dpo\/wp-content\/uploads\/2016\/12\/ACESI-bandeau-GDPR-protection-donn\u00e9es-1-300x58.png\" \/>\n<meta name=\"twitter:card\" content=\"summary_large_image\" \/>\n<meta name=\"twitter:label1\" content=\"Dur\u00e9e de lecture estim\u00e9e\" \/>\n\t<meta name=\"twitter:data1\" content=\"6 minutes\" \/>\n<script type=\"application\/ld+json\" class=\"yoast-schema-graph\">{\"@context\":\"https:\/\/schema.org\",\"@graph\":[{\"@type\":\"WebPage\",\"@id\":\"https:\/\/dezavelle.com\/cabinet-dpo\/cadre-legal-de-mission-dpo-2\/\",\"url\":\"https:\/\/dezavelle.com\/cabinet-dpo\/cadre-legal-de-mission-dpo-2\/\",\"name\":\"Cadre l\u00e9gal de la mission du DPO - Dezavelle\",\"isPartOf\":{\"@id\":\"https:\/\/dezavelle.com\/cabinet-dpo\/#website\"},\"datePublished\":\"2016-12-14T07:25:44+00:00\",\"dateModified\":\"2018-08-31T14:35:40+00:00\",\"breadcrumb\":{\"@id\":\"https:\/\/dezavelle.com\/cabinet-dpo\/cadre-legal-de-mission-dpo-2\/#breadcrumb\"},\"inLanguage\":\"fr-FR\",\"potentialAction\":[{\"@type\":\"ReadAction\",\"target\":[\"https:\/\/dezavelle.com\/cabinet-dpo\/cadre-legal-de-mission-dpo-2\/\"]}]},{\"@type\":\"BreadcrumbList\",\"@id\":\"https:\/\/dezavelle.com\/cabinet-dpo\/cadre-legal-de-mission-dpo-2\/#breadcrumb\",\"itemListElement\":[{\"@type\":\"ListItem\",\"position\":1,\"name\":\"Accueil\",\"item\":\"https:\/\/dezavelle.com\/cabinet-dpo\/\"},{\"@type\":\"ListItem\",\"position\":2,\"name\":\"Cadre l\u00e9gal de la mission du DPO\"}]},{\"@type\":\"WebSite\",\"@id\":\"https:\/\/dezavelle.com\/cabinet-dpo\/#website\",\"url\":\"https:\/\/dezavelle.com\/cabinet-dpo\/\",\"name\":\"Dezavelle\",\"description\":\"\",\"potentialAction\":[{\"@type\":\"SearchAction\",\"target\":{\"@type\":\"EntryPoint\",\"urlTemplate\":\"https:\/\/dezavelle.com\/cabinet-dpo\/?s={search_term_string}\"},\"query-input\":\"required name=search_term_string\"}],\"inLanguage\":\"fr-FR\"}]}<\/script>\n<!-- \/ Yoast SEO plugin. -->","yoast_head_json":{"title":"Cadre l\u00e9gal de la mission du DPO - Dezavelle","robots":{"index":"index","follow":"follow","max-snippet":"max-snippet:-1","max-image-preview":"max-image-preview:large","max-video-preview":"max-video-preview:-1"},"canonical":"https:\/\/dezavelle.com\/cabinet-dpo\/cadre-legal-de-mission-dpo-2\/","og_locale":"fr_FR","og_type":"article","og_title":"Cadre l\u00e9gal de la mission du DPO - Dezavelle","og_description":"&nbsp; La d\u00e9signation officielle d\u2019un DPO au sein de votre entreprise permettra d\u2019\u00e9viter toutes les d\u00e9clarations \u00e0 la CNIL, dites normales ou simplifi\u00e9es, pr\u00e9vues aux articles 23 et 24 de la loi n\u00b0 78-17 dite Loi Informatique et Libert\u00e9s du 6 janvier 1978 modifi\u00e9e. Le DPO d\u00e9sign\u00e9 effectuera les missions suivantes : Tenue du registre [&hellip;]","og_url":"https:\/\/dezavelle.com\/cabinet-dpo\/cadre-legal-de-mission-dpo-2\/","og_site_name":"Dezavelle","article_modified_time":"2018-08-31T14:35:40+00:00","og_image":[{"url":"https:\/\/dezavelle.com\/cabinet-dpo\/wp-content\/uploads\/2016\/12\/ACESI-bandeau-GDPR-protection-donn\u00e9es-1-300x58.png"}],"twitter_card":"summary_large_image","twitter_misc":{"Dur\u00e9e de lecture estim\u00e9e":"6 minutes"},"schema":{"@context":"https:\/\/schema.org","@graph":[{"@type":"WebPage","@id":"https:\/\/dezavelle.com\/cabinet-dpo\/cadre-legal-de-mission-dpo-2\/","url":"https:\/\/dezavelle.com\/cabinet-dpo\/cadre-legal-de-mission-dpo-2\/","name":"Cadre l\u00e9gal de la mission du DPO - Dezavelle","isPartOf":{"@id":"https:\/\/dezavelle.com\/cabinet-dpo\/#website"},"datePublished":"2016-12-14T07:25:44+00:00","dateModified":"2018-08-31T14:35:40+00:00","breadcrumb":{"@id":"https:\/\/dezavelle.com\/cabinet-dpo\/cadre-legal-de-mission-dpo-2\/#breadcrumb"},"inLanguage":"fr-FR","potentialAction":[{"@type":"ReadAction","target":["https:\/\/dezavelle.com\/cabinet-dpo\/cadre-legal-de-mission-dpo-2\/"]}]},{"@type":"BreadcrumbList","@id":"https:\/\/dezavelle.com\/cabinet-dpo\/cadre-legal-de-mission-dpo-2\/#breadcrumb","itemListElement":[{"@type":"ListItem","position":1,"name":"Accueil","item":"https:\/\/dezavelle.com\/cabinet-dpo\/"},{"@type":"ListItem","position":2,"name":"Cadre l\u00e9gal de la mission du DPO"}]},{"@type":"WebSite","@id":"https:\/\/dezavelle.com\/cabinet-dpo\/#website","url":"https:\/\/dezavelle.com\/cabinet-dpo\/","name":"Dezavelle","description":"","potentialAction":[{"@type":"SearchAction","target":{"@type":"EntryPoint","urlTemplate":"https:\/\/dezavelle.com\/cabinet-dpo\/?s={search_term_string}"},"query-input":"required name=search_term_string"}],"inLanguage":"fr-FR"}]}},"_links":{"self":[{"href":"https:\/\/dezavelle.com\/cabinet-dpo\/wp-json\/wp\/v2\/pages\/104"}],"collection":[{"href":"https:\/\/dezavelle.com\/cabinet-dpo\/wp-json\/wp\/v2\/pages"}],"about":[{"href":"https:\/\/dezavelle.com\/cabinet-dpo\/wp-json\/wp\/v2\/types\/page"}],"author":[{"embeddable":true,"href":"https:\/\/dezavelle.com\/cabinet-dpo\/wp-json\/wp\/v2\/users\/1"}],"replies":[{"embeddable":true,"href":"https:\/\/dezavelle.com\/cabinet-dpo\/wp-json\/wp\/v2\/comments?post=104"}],"version-history":[{"count":13,"href":"https:\/\/dezavelle.com\/cabinet-dpo\/wp-json\/wp\/v2\/pages\/104\/revisions"}],"predecessor-version":[{"id":997,"href":"https:\/\/dezavelle.com\/cabinet-dpo\/wp-json\/wp\/v2\/pages\/104\/revisions\/997"}],"wp:attachment":[{"href":"https:\/\/dezavelle.com\/cabinet-dpo\/wp-json\/wp\/v2\/media?parent=104"}],"curies":[{"name":"wp","href":"https:\/\/api.w.org\/{rel}","templated":true}]}}